{"id":2252,"date":"2025-05-07T22:08:08","date_gmt":"2025-05-07T22:08:08","guid":{"rendered":"https:\/\/bedson.com\/?page_id=2252"},"modified":"2025-05-07T22:22:38","modified_gmt":"2025-05-07T22:22:38","slug":"cuerpo-de-gobierno-de-pacto-global-argentina-onu","status":"publish","type":"page","link":"https:\/\/bedson.com\/pt\/cuerpo-de-gobierno-de-pacto-global-argentina-onu\/","title":{"rendered":"Cuerpo de Gobierno de Pacto Global Argentina &#8211; ONU"},"content":{"rendered":"<div data-elementor-type=\"wp-page\" data-elementor-id=\"2252\" class=\"elementor elementor-2252\" data-elementor-post-type=\"page\">\n\t\t\t\t<div class=\"elementor-element elementor-element-ecdb447 e-flex e-con-boxed e-con e-parent\" data-id=\"ecdb447\" data-element_type=\"container\" data-e-type=\"container\">\n\t\t\t\t\t<div class=\"e-con-inner\">\n\t\t<div class=\"elementor-element elementor-element-b3919ce e-con-full e-flex e-con e-child\" data-id=\"b3919ce\" data-element_type=\"container\" data-e-type=\"container\">\n\t\t\t\t<div class=\"elementor-element elementor-element-90ae2b7 elementor-widget elementor-widget-heading\" data-id=\"90ae2b7\" data-element_type=\"widget\" data-e-type=\"widget\" data-widget_type=\"heading.default\">\n\t\t\t\t<div class=\"elementor-widget-container\">\n\t\t\t\t\t<h1 class=\"elementor-heading-title elementor-size-default\">Cuerpo de Gobierno de Pacto Global Argentina - ONU<\/h1>\t\t\t\t<\/div>\n\t\t\t\t<\/div>\n\t\t\t\t<div class=\"elementor-element elementor-element-aff2e9b elementor-widget elementor-widget-text-editor\" data-id=\"aff2e9b\" data-element_type=\"widget\" data-e-type=\"widget\" data-widget_type=\"text-editor.default\">\n\t\t\t\t<div class=\"elementor-widget-container\">\n\t\t\t\t\t\t\t\t\t<p>Nos complace anunciar a todos nuestros colaboradores, distribuidores, clientes y amigos que Bedson Lab ha sido designado por segundo periodo consecutivo para integrar el cuerpo de gobierno de Pacto Global de Naciones Unidas &#8211; Argentina.<\/p>\t\t\t\t\t\t\t\t<\/div>\n\t\t\t\t<\/div>\n\t\t\t\t<\/div>\n\t\t<div class=\"elementor-element elementor-element-18915ad e-con-full e-flex e-con e-child\" data-id=\"18915ad\" data-element_type=\"container\" data-e-type=\"container\">\n\t\t\t\t<div class=\"elementor-element elementor-element-8b02b4a elementor-widget elementor-widget-image\" data-id=\"8b02b4a\" data-element_type=\"widget\" data-e-type=\"widget\" data-widget_type=\"image.default\">\n\t\t\t\t<div class=\"elementor-widget-container\">\n\t\t\t\t\t\t\t\t\t\t\t\t\t\t\t<img fetchpriority=\"high\" decoding=\"async\" width=\"800\" height=\"800\" src=\"https:\/\/bedson.com\/wp\/wp-content\/uploads\/2025\/05\/Imagen-Pacto-Global-1024x1024.jpg\" class=\"attachment-large size-large wp-image-2243\" alt=\"\" srcset=\"https:\/\/bedson.com\/wp\/wp-content\/uploads\/2025\/05\/Imagen-Pacto-Global-1024x1024.jpg 1024w, https:\/\/bedson.com\/wp\/wp-content\/uploads\/2025\/05\/Imagen-Pacto-Global-300x300.jpg 300w, https:\/\/bedson.com\/wp\/wp-content\/uploads\/2025\/05\/Imagen-Pacto-Global-150x150.jpg 150w, https:\/\/bedson.com\/wp\/wp-content\/uploads\/2025\/05\/Imagen-Pacto-Global-768x768.jpg 768w, https:\/\/bedson.com\/wp\/wp-content\/uploads\/2025\/05\/Imagen-Pacto-Global-12x12.jpg 12w, https:\/\/bedson.com\/wp\/wp-content\/uploads\/2025\/05\/Imagen-Pacto-Global.jpg 1080w\" sizes=\"(max-width: 800px) 100vw, 800px\" \/>\t\t\t\t\t\t\t\t\t\t\t\t\t\t\t<\/div>\n\t\t\t\t<\/div>\n\t\t\t\t<\/div>\n\t\t\t\t\t<\/div>\n\t\t\t\t<\/div>\n\t\t<div class=\"elementor-element elementor-element-0843a86 e-flex e-con-boxed e-con e-parent\" data-id=\"0843a86\" data-element_type=\"container\" data-e-type=\"container\">\n\t\t\t\t\t<div class=\"e-con-inner\">\n\t\t\t\t<div class=\"elementor-element elementor-element-accc413 elementor-widget elementor-widget-text-editor\" data-id=\"accc413\" data-element_type=\"widget\" data-e-type=\"widget\" data-widget_type=\"text-editor.default\">\n\t\t\t\t<div class=\"elementor-widget-container\">\n\t\t\t\t\t\t\t\t\t<p>Gracias al voto de empresas pares y organizaciones de la sociedad civil, formaremos parte de la Mesa Directiva de la mayor iniciativa de sustentabilidad a nivel mundial. Un espacio de compromiso en el que se trabaja alineado a los 10 Principios del Pacto Global sobre derechos humanos, est\u00e1ndares laborales, medio ambiente y anticorrupci\u00f3n, promovidos por la ONU para un futuro m\u00e1s sostenible.<\/p><p>Durante el nuevo periodo de gesti\u00f3n 2025-2027, nuestra presidenta, Alicia Romero de Colusi, ser\u00e1 quien nos represente, renovando as\u00ed el compromiso de Bedson con los Objetivos de Desarrollo Sostenible (ODS), en especial aquellos vinculados a la seguridad alimentaria y el bienestar animal, temas clave en nuestra actividad.<\/p><p>La comunicaci\u00f3n del nuevo directorio se realiz\u00f3 en el marco de la 9\u00b0 Asamblea Nacional de Pacto Global Argentina, un evento bienal que re\u00fane a las organizaciones m\u00e1s comprometidas con la sostenibilidad en el pa\u00eds, para debatir sobre los desaf\u00edos y avances de la agenda de desarrollo corporativo.<\/p><p>En el sector de empresas Pymes, compartimos el espacio con Plaza Log\u00edstica, Azul Jacaranda, Grupo Avinea, Centrales Costa Atl\u00e1ntica, Fogaplar, Julasoft, Trasus Argentina y Jomsalva.<\/p><p>Este reconocimiento en Pacto Global nos motiva a seguir avanzando y superando metas en nuestras estrategias de sostenibilidad ambiental, social y econ\u00f3mica.<\/p><p>Reafirmamos nuestro compromiso de generar un impacto positivo en las comunidades en las que operamos.<\/p>\t\t\t\t\t\t\t\t<\/div>\n\t\t\t\t<\/div>\n\t\t\t\t\t<\/div>\n\t\t\t\t<\/div>\n\t\t\t\t<\/div>","protected":false},"excerpt":{"rendered":"<p>Cuerpo de Gobierno de Pacto Global Argentina &#8211; ONU Nos complace anunciar a todos nuestros colaboradores, distribuidores, clientes y amigos que Bedson Lab ha sido designado por segundo periodo consecutivo para integrar el cuerpo de gobierno de Pacto Global de Naciones Unidas &#8211; Argentina. Gracias al voto de empresas pares y organizaciones de la sociedad [&hellip;]<\/p>\n","protected":false},"author":2,"featured_media":0,"parent":0,"menu_order":0,"comment_status":"closed","ping_status":"closed","template":"","meta":{"_joinchat":[],"footnotes":""},"class_list":["post-2252","page","type-page","status-publish","hentry"],"yoast_head":"<!-- This site is optimized with the Yoast SEO plugin v27.4 - https:\/\/yoast.com\/product\/yoast-seo-wordpress\/ -->\n<title>Cuerpo de Gobierno de Pacto Global Argentina - ONU - Bedson SA<\/title>\n<meta name=\"robots\" content=\"index, follow, max-snippet:-1, max-image-preview:large, max-video-preview:-1\" \/>\n<link rel=\"canonical\" href=\"https:\/\/bedson.com\/pt\/cuerpo-de-gobierno-de-pacto-global-argentina-onu\/\" \/>\n<meta property=\"og:locale\" content=\"pt_BR\" \/>\n<meta property=\"og:type\" content=\"article\" \/>\n<meta property=\"og:title\" content=\"Cuerpo de Gobierno de Pacto Global Argentina - ONU - Bedson SA\" \/>\n<meta property=\"og:description\" content=\"Cuerpo de Gobierno de Pacto Global Argentina &#8211; ONU Nos complace anunciar a todos nuestros colaboradores, distribuidores, clientes y amigos que Bedson Lab ha sido designado por segundo periodo consecutivo para integrar el cuerpo de gobierno de Pacto Global de Naciones Unidas &#8211; Argentina. Gracias al voto de empresas pares y organizaciones de la sociedad [&hellip;]\" \/>\n<meta property=\"og:url\" content=\"https:\/\/bedson.com\/pt\/cuerpo-de-gobierno-de-pacto-global-argentina-onu\/\" \/>\n<meta property=\"og:site_name\" content=\"Bedson SA\" \/>\n<meta property=\"article:modified_time\" content=\"2025-05-07T22:22:38+00:00\" \/>\n<meta property=\"og:image\" content=\"https:\/\/bedson.com\/wp\/wp-content\/uploads\/2025\/05\/Imagen-Pacto-Global.jpg\" \/>\n\t<meta property=\"og:image:width\" content=\"1080\" \/>\n\t<meta property=\"og:image:height\" content=\"1080\" \/>\n\t<meta property=\"og:image:type\" content=\"image\/jpeg\" \/>\n<meta name=\"twitter:card\" content=\"summary_large_image\" \/>\n<meta name=\"twitter:label1\" content=\"Est. tempo de leitura\" \/>\n\t<meta name=\"twitter:data1\" content=\"2 minutos\" \/>\n<script type=\"application\/ld+json\" class=\"yoast-schema-graph\">{\"@context\":\"https:\\\/\\\/schema.org\",\"@graph\":[{\"@type\":\"WebPage\",\"@id\":\"https:\\\/\\\/bedson.com\\\/cuerpo-de-gobierno-de-pacto-global-argentina-onu\\\/\",\"url\":\"https:\\\/\\\/bedson.com\\\/cuerpo-de-gobierno-de-pacto-global-argentina-onu\\\/\",\"name\":\"Cuerpo de Gobierno de Pacto Global Argentina - ONU - Bedson SA\",\"isPartOf\":{\"@id\":\"https:\\\/\\\/bedson.com\\\/#website\"},\"primaryImageOfPage\":{\"@id\":\"https:\\\/\\\/bedson.com\\\/cuerpo-de-gobierno-de-pacto-global-argentina-onu\\\/#primaryimage\"},\"image\":{\"@id\":\"https:\\\/\\\/bedson.com\\\/cuerpo-de-gobierno-de-pacto-global-argentina-onu\\\/#primaryimage\"},\"thumbnailUrl\":\"https:\\\/\\\/bedson.com\\\/wp\\\/wp-content\\\/uploads\\\/2025\\\/05\\\/Imagen-Pacto-Global-1024x1024.jpg\",\"datePublished\":\"2025-05-07T22:08:08+00:00\",\"dateModified\":\"2025-05-07T22:22:38+00:00\",\"breadcrumb\":{\"@id\":\"https:\\\/\\\/bedson.com\\\/cuerpo-de-gobierno-de-pacto-global-argentina-onu\\\/#breadcrumb\"},\"inLanguage\":\"pt-BR\",\"potentialAction\":[{\"@type\":\"ReadAction\",\"target\":[\"https:\\\/\\\/bedson.com\\\/cuerpo-de-gobierno-de-pacto-global-argentina-onu\\\/\"]}]},{\"@type\":\"ImageObject\",\"inLanguage\":\"pt-BR\",\"@id\":\"https:\\\/\\\/bedson.com\\\/cuerpo-de-gobierno-de-pacto-global-argentina-onu\\\/#primaryimage\",\"url\":\"https:\\\/\\\/bedson.com\\\/wp\\\/wp-content\\\/uploads\\\/2025\\\/05\\\/Imagen-Pacto-Global-1024x1024.jpg\",\"contentUrl\":\"https:\\\/\\\/bedson.com\\\/wp\\\/wp-content\\\/uploads\\\/2025\\\/05\\\/Imagen-Pacto-Global-1024x1024.jpg\"},{\"@type\":\"BreadcrumbList\",\"@id\":\"https:\\\/\\\/bedson.com\\\/cuerpo-de-gobierno-de-pacto-global-argentina-onu\\\/#breadcrumb\",\"itemListElement\":[{\"@type\":\"ListItem\",\"position\":1,\"name\":\"Inicio\",\"item\":\"https:\\\/\\\/bedson.com\\\/\"},{\"@type\":\"ListItem\",\"position\":2,\"name\":\"Cuerpo de Gobierno de Pacto Global Argentina &#8211; ONU\"}]},{\"@type\":\"WebSite\",\"@id\":\"https:\\\/\\\/bedson.com\\\/#website\",\"url\":\"https:\\\/\\\/bedson.com\\\/\",\"name\":\"Bedson SA\",\"description\":\"\",\"publisher\":{\"@id\":\"https:\\\/\\\/bedson.com\\\/#organization\"},\"potentialAction\":[{\"@type\":\"SearchAction\",\"target\":{\"@type\":\"EntryPoint\",\"urlTemplate\":\"https:\\\/\\\/bedson.com\\\/?s={search_term_string}\"},\"query-input\":{\"@type\":\"PropertyValueSpecification\",\"valueRequired\":true,\"valueName\":\"search_term_string\"}}],\"inLanguage\":\"pt-BR\"},{\"@type\":\"Organization\",\"@id\":\"https:\\\/\\\/bedson.com\\\/#organization\",\"name\":\"Bedson SA\",\"url\":\"https:\\\/\\\/bedson.com\\\/\",\"logo\":{\"@type\":\"ImageObject\",\"inLanguage\":\"pt-BR\",\"@id\":\"https:\\\/\\\/bedson.com\\\/#\\\/schema\\\/logo\\\/image\\\/\",\"url\":\"https:\\\/\\\/bedson.com\\\/wp\\\/wp-content\\\/uploads\\\/2024\\\/04\\\/cropped-logo-bedson-copia.webp\",\"contentUrl\":\"https:\\\/\\\/bedson.com\\\/wp\\\/wp-content\\\/uploads\\\/2024\\\/04\\\/cropped-logo-bedson-copia.webp\",\"width\":101,\"height\":98,\"caption\":\"Bedson SA\"},\"image\":{\"@id\":\"https:\\\/\\\/bedson.com\\\/#\\\/schema\\\/logo\\\/image\\\/\"}}]}<\/script>\n<!-- \/ Yoast SEO plugin. -->","yoast_head_json":{"title":"Cuerpo de Gobierno de Pacto Global Argentina - ONU - Bedson SA","robots":{"index":"index","follow":"follow","max-snippet":"max-snippet:-1","max-image-preview":"max-image-preview:large","max-video-preview":"max-video-preview:-1"},"canonical":"https:\/\/bedson.com\/pt\/cuerpo-de-gobierno-de-pacto-global-argentina-onu\/","og_locale":"pt_BR","og_type":"article","og_title":"Cuerpo de Gobierno de Pacto Global Argentina - ONU - Bedson SA","og_description":"Cuerpo de Gobierno de Pacto Global Argentina &#8211; ONU Nos complace anunciar a todos nuestros colaboradores, distribuidores, clientes y amigos que Bedson Lab ha sido designado por segundo periodo consecutivo para integrar el cuerpo de gobierno de Pacto Global de Naciones Unidas &#8211; Argentina. Gracias al voto de empresas pares y organizaciones de la sociedad [&hellip;]","og_url":"https:\/\/bedson.com\/pt\/cuerpo-de-gobierno-de-pacto-global-argentina-onu\/","og_site_name":"Bedson SA","article_modified_time":"2025-05-07T22:22:38+00:00","og_image":[{"width":1080,"height":1080,"url":"https:\/\/bedson.com\/wp\/wp-content\/uploads\/2025\/05\/Imagen-Pacto-Global.jpg","type":"image\/jpeg"}],"twitter_card":"summary_large_image","twitter_misc":{"Est. tempo de leitura":"2 minutos"},"schema":{"@context":"https:\/\/schema.org","@graph":[{"@type":"WebPage","@id":"https:\/\/bedson.com\/cuerpo-de-gobierno-de-pacto-global-argentina-onu\/","url":"https:\/\/bedson.com\/cuerpo-de-gobierno-de-pacto-global-argentina-onu\/","name":"Cuerpo de Gobierno de Pacto Global Argentina - ONU - Bedson SA","isPartOf":{"@id":"https:\/\/bedson.com\/#website"},"primaryImageOfPage":{"@id":"https:\/\/bedson.com\/cuerpo-de-gobierno-de-pacto-global-argentina-onu\/#primaryimage"},"image":{"@id":"https:\/\/bedson.com\/cuerpo-de-gobierno-de-pacto-global-argentina-onu\/#primaryimage"},"thumbnailUrl":"https:\/\/bedson.com\/wp\/wp-content\/uploads\/2025\/05\/Imagen-Pacto-Global-1024x1024.jpg","datePublished":"2025-05-07T22:08:08+00:00","dateModified":"2025-05-07T22:22:38+00:00","breadcrumb":{"@id":"https:\/\/bedson.com\/cuerpo-de-gobierno-de-pacto-global-argentina-onu\/#breadcrumb"},"inLanguage":"pt-BR","potentialAction":[{"@type":"ReadAction","target":["https:\/\/bedson.com\/cuerpo-de-gobierno-de-pacto-global-argentina-onu\/"]}]},{"@type":"ImageObject","inLanguage":"pt-BR","@id":"https:\/\/bedson.com\/cuerpo-de-gobierno-de-pacto-global-argentina-onu\/#primaryimage","url":"https:\/\/bedson.com\/wp\/wp-content\/uploads\/2025\/05\/Imagen-Pacto-Global-1024x1024.jpg","contentUrl":"https:\/\/bedson.com\/wp\/wp-content\/uploads\/2025\/05\/Imagen-Pacto-Global-1024x1024.jpg"},{"@type":"BreadcrumbList","@id":"https:\/\/bedson.com\/cuerpo-de-gobierno-de-pacto-global-argentina-onu\/#breadcrumb","itemListElement":[{"@type":"ListItem","position":1,"name":"Inicio","item":"https:\/\/bedson.com\/"},{"@type":"ListItem","position":2,"name":"Cuerpo de Gobierno de Pacto Global Argentina &#8211; ONU"}]},{"@type":"WebSite","@id":"https:\/\/bedson.com\/#website","url":"https:\/\/bedson.com\/","name":"Bedson SA","description":"","publisher":{"@id":"https:\/\/bedson.com\/#organization"},"potentialAction":[{"@type":"SearchAction","target":{"@type":"EntryPoint","urlTemplate":"https:\/\/bedson.com\/?s={search_term_string}"},"query-input":{"@type":"PropertyValueSpecification","valueRequired":true,"valueName":"search_term_string"}}],"inLanguage":"pt-BR"},{"@type":"Organization","@id":"https:\/\/bedson.com\/#organization","name":"Bedson SA","url":"https:\/\/bedson.com\/","logo":{"@type":"ImageObject","inLanguage":"pt-BR","@id":"https:\/\/bedson.com\/#\/schema\/logo\/image\/","url":"https:\/\/bedson.com\/wp\/wp-content\/uploads\/2024\/04\/cropped-logo-bedson-copia.webp","contentUrl":"https:\/\/bedson.com\/wp\/wp-content\/uploads\/2024\/04\/cropped-logo-bedson-copia.webp","width":101,"height":98,"caption":"Bedson SA"},"image":{"@id":"https:\/\/bedson.com\/#\/schema\/logo\/image\/"}}]}},"_links":{"self":[{"href":"https:\/\/bedson.com\/pt\/wp-json\/wp\/v2\/pages\/2252","targetHints":{"allow":["GET"]}}],"collection":[{"href":"https:\/\/bedson.com\/pt\/wp-json\/wp\/v2\/pages"}],"about":[{"href":"https:\/\/bedson.com\/pt\/wp-json\/wp\/v2\/types\/page"}],"author":[{"embeddable":true,"href":"https:\/\/bedson.com\/pt\/wp-json\/wp\/v2\/users\/2"}],"replies":[{"embeddable":true,"href":"https:\/\/bedson.com\/pt\/wp-json\/wp\/v2\/comments?post=2252"}],"version-history":[{"count":3,"href":"https:\/\/bedson.com\/pt\/wp-json\/wp\/v2\/pages\/2252\/revisions"}],"predecessor-version":[{"id":2269,"href":"https:\/\/bedson.com\/pt\/wp-json\/wp\/v2\/pages\/2252\/revisions\/2269"}],"wp:attachment":[{"href":"https:\/\/bedson.com\/pt\/wp-json\/wp\/v2\/media?parent=2252"}],"curies":[{"name":"wp","href":"https:\/\/api.w.org\/{rel}","templated":true}]}}